{"id":697,"date":"2017-11-28T14:17:46","date_gmt":"2017-11-28T13:17:46","guid":{"rendered":"http:\/\/www.kaminski.org.pl\/kaminski2017\/budownictwo\/wp-content\/uploads\/sites\/2\/2017\/01\/CITROEN_Wroc\u0142aw_01.jpg"},"modified":"2018-03-29T10:53:57","modified_gmt":"2018-03-29T08:53:57","slug":"citroen_wroclaw_01","status":"inherit","type":"attachment","link":"https:\/\/www.kaminski.org.pl\/budownictwo\/citroen-bielany-wroclawskie\/citroen_wroclaw_01\/","title":{"rendered":"CITROEN_Wroc\u0142aw_01"},"author":1,"featured_media":0,"comment_status":"open","ping_status":"closed","template":"","meta":[],"yoast_head":"<!-- This site is optimized with the Yoast SEO plugin v22.7 - https:\/\/yoast.com\/wordpress\/plugins\/seo\/ -->\n<title>CITROEN_Wroc\u0142aw_01 - Budownictwo Kami\u0144ski - Generalny wykonawca<\/title>\n<meta name=\"robots\" content=\"index, follow, max-snippet:-1, max-image-preview:large, max-video-preview:-1\" \/>\n<link rel=\"canonical\" href=\"https:\/\/www.kaminski.org.pl\/budownictwo\/wp-content\/uploads\/sites\/2\/2017\/01\/CITROEN_Wroc\u0142aw_01.jpg\" \/>\n<meta property=\"og:locale\" content=\"pl_PL\" \/>\n<meta property=\"og:type\" content=\"article\" \/>\n<meta property=\"og:title\" content=\"CITROEN_Wroc\u0142aw_01 - Budownictwo Kami\u0144ski - Generalny wykonawca\" \/>\n<meta property=\"og:description\" content=\"Generalne wykonawstwo - budowa salonu samochodowego Citroen Wroc\u0142aw. Kami\u0144ski Generalny wykonawca obiekt\u00f3w kubaturowych, budowa hali Wroc\u0142aw, Opole, Skarbimierz, Ujazd, Praszka, Kluczbork, Namys\u0142\u00f3w, Jelcz-Laskowice, Brzeg Dolny, \u015awiebodzice, Wa\u0142brzych, \u017bar\u00f3w, \u015awidnica, Dzier\u017coni\u00f3w, Bystrzyca K\u0142odzka, Nysa, Dolny \u015al\u0105sk.\" \/>\n<meta property=\"og:url\" content=\"https:\/\/www.kaminski.org.pl\/budownictwo\/wp-content\/uploads\/sites\/2\/2017\/01\/CITROEN_Wroc\u0142aw_01.jpg\" \/>\n<meta property=\"og:site_name\" content=\"Budownictwo Kami\u0144ski - Generalny wykonawca\" \/>\n<meta property=\"article:publisher\" content=\"https:\/\/www.facebook.com\/budownictwokaminski\/\" \/>\n<meta property=\"article:modified_time\" content=\"2018-03-29T08:53:57+00:00\" \/>\n<meta property=\"og:image\" content=\"https:\/\/www.kaminski.org.pl\/budownictwo\/wp-content\/uploads\/sites\/2\/2017\/01\/CITROEN_Wroc\u0142aw_01.jpg\" \/>\n\t<meta property=\"og:image:width\" content=\"800\" \/>\n\t<meta property=\"og:image:height\" content=\"600\" \/>\n\t<meta property=\"og:image:type\" content=\"image\/jpeg\" \/>\n<meta name=\"twitter:card\" content=\"summary_large_image\" \/>\n<script type=\"application\/ld+json\" class=\"yoast-schema-graph\">{\"@context\":\"https:\/\/schema.org\",\"@graph\":[{\"@type\":\"WebPage\",\"@id\":\"https:\/\/www.kaminski.org.pl\/budownictwo\/wp-content\/uploads\/sites\/2\/2017\/01\/CITROEN_Wroc\u0142aw_01.jpg\",\"url\":\"https:\/\/www.kaminski.org.pl\/budownictwo\/wp-content\/uploads\/sites\/2\/2017\/01\/CITROEN_Wroc\u0142aw_01.jpg\",\"name\":\"CITROEN_Wroc\u0142aw_01 - Budownictwo Kami\u0144ski - Generalny wykonawca\",\"isPartOf\":{\"@id\":\"https:\/\/www.kaminski.org.pl\/budownictwo\/#website\"},\"datePublished\":\"2017-11-28T13:17:46+00:00\",\"dateModified\":\"2018-03-29T08:53:57+00:00\",\"breadcrumb\":{\"@id\":\"https:\/\/www.kaminski.org.pl\/budownictwo\/wp-content\/uploads\/sites\/2\/2017\/01\/CITROEN_Wroc\u0142aw_01.jpg#breadcrumb\"},\"inLanguage\":\"pl-PL\",\"potentialAction\":[{\"@type\":\"ReadAction\",\"target\":[\"https:\/\/www.kaminski.org.pl\/budownictwo\/wp-content\/uploads\/sites\/2\/2017\/01\/CITROEN_Wroc\u0142aw_01.jpg\"]}]},{\"@type\":\"BreadcrumbList\",\"@id\":\"https:\/\/www.kaminski.org.pl\/budownictwo\/wp-content\/uploads\/sites\/2\/2017\/01\/CITROEN_Wroc\u0142aw_01.jpg#breadcrumb\",\"itemListElement\":[{\"@type\":\"ListItem\",\"position\":1,\"name\":\"Strona g\u0142\u00f3wna\",\"item\":\"https:\/\/www.kaminski.org.pl\/budownictwo\/\"},{\"@type\":\"ListItem\",\"position\":2,\"name\":\"Salon samochodowy Citroen we Wroc\u0142awiu\",\"item\":\"https:\/\/www.kaminski.org.pl\/budownictwo\/citroen-bielany-wroclawskie\/\"},{\"@type\":\"ListItem\",\"position\":3,\"name\":\"CITROEN_Wroc\u0142aw_01\"}]},{\"@type\":\"WebSite\",\"@id\":\"https:\/\/www.kaminski.org.pl\/budownictwo\/#website\",\"url\":\"https:\/\/www.kaminski.org.pl\/budownictwo\/\",\"name\":\"Budownictwo Kami\u0144ski - Generalny wykonawca\",\"description\":\"Budownictwo Kami\u0144ski - Generalny wykonawca. Kompleksowa realizacja inwestycji budowlanych. Generalne wykonawstwo obiekt\u00f3w przemys\u0142owych, handlowych i salon\u00f3w\",\"publisher\":{\"@id\":\"https:\/\/www.kaminski.org.pl\/budownictwo\/#organization\"},\"potentialAction\":[{\"@type\":\"SearchAction\",\"target\":{\"@type\":\"EntryPoint\",\"urlTemplate\":\"https:\/\/www.kaminski.org.pl\/budownictwo\/?s={search_term_string}\"},\"query-input\":\"required name=search_term_string\"}],\"inLanguage\":\"pl-PL\"},{\"@type\":\"Organization\",\"@id\":\"https:\/\/www.kaminski.org.pl\/budownictwo\/#organization\",\"name\":\"Budownictwo \u201cKami\u0144ski\u201d Sp\u00f3\u0142ka z ograniczon\u0105 odpowiedzialno\u015bci\u0105 Sp.K.\",\"url\":\"https:\/\/www.kaminski.org.pl\/budownictwo\/\",\"logo\":{\"@type\":\"ImageObject\",\"inLanguage\":\"pl-PL\",\"@id\":\"https:\/\/www.kaminski.org.pl\/budownictwo\/#\/schema\/logo\/image\/\",\"url\":\"https:\/\/www.kaminski.org.pl\/budownictwo\/wp-content\/uploads\/sites\/2\/2020\/02\/Kaminski-budownictwo-logo.png\",\"contentUrl\":\"https:\/\/www.kaminski.org.pl\/budownictwo\/wp-content\/uploads\/sites\/2\/2020\/02\/Kaminski-budownictwo-logo.png\",\"width\":371,\"height\":88,\"caption\":\"Budownictwo \u201cKami\u0144ski\u201d Sp\u00f3\u0142ka z ograniczon\u0105 odpowiedzialno\u015bci\u0105 Sp.K.\"},\"image\":{\"@id\":\"https:\/\/www.kaminski.org.pl\/budownictwo\/#\/schema\/logo\/image\/\"},\"sameAs\":[\"https:\/\/www.facebook.com\/budownictwokaminski\/\",\"https:\/\/www.youtube.com\/channel\/UCvp34krLOj1JYi0DDO5EfDA\/featured\"]}]}<\/script>\n<!-- \/ Yoast SEO plugin. -->","yoast_head_json":{"title":"CITROEN_Wroc\u0142aw_01 - Budownictwo Kami\u0144ski - Generalny wykonawca","robots":{"index":"index","follow":"follow","max-snippet":"max-snippet:-1","max-image-preview":"max-image-preview:large","max-video-preview":"max-video-preview:-1"},"canonical":"https:\/\/www.kaminski.org.pl\/budownictwo\/wp-content\/uploads\/sites\/2\/2017\/01\/CITROEN_Wroc\u0142aw_01.jpg","og_locale":"pl_PL","og_type":"article","og_title":"CITROEN_Wroc\u0142aw_01 - Budownictwo Kami\u0144ski - Generalny wykonawca","og_description":"Generalne wykonawstwo - budowa salonu samochodowego Citroen Wroc\u0142aw. Kami\u0144ski Generalny wykonawca obiekt\u00f3w kubaturowych, budowa hali Wroc\u0142aw, Opole, Skarbimierz, Ujazd, Praszka, Kluczbork, Namys\u0142\u00f3w, Jelcz-Laskowice, Brzeg Dolny, \u015awiebodzice, Wa\u0142brzych, \u017bar\u00f3w, \u015awidnica, Dzier\u017coni\u00f3w, Bystrzyca K\u0142odzka, Nysa, Dolny \u015al\u0105sk.","og_url":"https:\/\/www.kaminski.org.pl\/budownictwo\/wp-content\/uploads\/sites\/2\/2017\/01\/CITROEN_Wroc\u0142aw_01.jpg","og_site_name":"Budownictwo Kami\u0144ski - Generalny wykonawca","article_publisher":"https:\/\/www.facebook.com\/budownictwokaminski\/","article_modified_time":"2018-03-29T08:53:57+00:00","og_image":[{"width":800,"height":600,"url":"https:\/\/www.kaminski.org.pl\/budownictwo\/wp-content\/uploads\/sites\/2\/2017\/01\/CITROEN_Wroc\u0142aw_01.jpg","type":"image\/jpeg"}],"twitter_card":"summary_large_image","schema":{"@context":"https:\/\/schema.org","@graph":[{"@type":"WebPage","@id":"https:\/\/www.kaminski.org.pl\/budownictwo\/wp-content\/uploads\/sites\/2\/2017\/01\/CITROEN_Wroc\u0142aw_01.jpg","url":"https:\/\/www.kaminski.org.pl\/budownictwo\/wp-content\/uploads\/sites\/2\/2017\/01\/CITROEN_Wroc\u0142aw_01.jpg","name":"CITROEN_Wroc\u0142aw_01 - Budownictwo Kami\u0144ski - Generalny wykonawca","isPartOf":{"@id":"https:\/\/www.kaminski.org.pl\/budownictwo\/#website"},"datePublished":"2017-11-28T13:17:46+00:00","dateModified":"2018-03-29T08:53:57+00:00","breadcrumb":{"@id":"https:\/\/www.kaminski.org.pl\/budownictwo\/wp-content\/uploads\/sites\/2\/2017\/01\/CITROEN_Wroc\u0142aw_01.jpg#breadcrumb"},"inLanguage":"pl-PL","potentialAction":[{"@type":"ReadAction","target":["https:\/\/www.kaminski.org.pl\/budownictwo\/wp-content\/uploads\/sites\/2\/2017\/01\/CITROEN_Wroc\u0142aw_01.jpg"]}]},{"@type":"BreadcrumbList","@id":"https:\/\/www.kaminski.org.pl\/budownictwo\/wp-content\/uploads\/sites\/2\/2017\/01\/CITROEN_Wroc\u0142aw_01.jpg#breadcrumb","itemListElement":[{"@type":"ListItem","position":1,"name":"Strona g\u0142\u00f3wna","item":"https:\/\/www.kaminski.org.pl\/budownictwo\/"},{"@type":"ListItem","position":2,"name":"Salon samochodowy Citroen we Wroc\u0142awiu","item":"https:\/\/www.kaminski.org.pl\/budownictwo\/citroen-bielany-wroclawskie\/"},{"@type":"ListItem","position":3,"name":"CITROEN_Wroc\u0142aw_01"}]},{"@type":"WebSite","@id":"https:\/\/www.kaminski.org.pl\/budownictwo\/#website","url":"https:\/\/www.kaminski.org.pl\/budownictwo\/","name":"Budownictwo Kami\u0144ski - Generalny wykonawca","description":"Budownictwo Kami\u0144ski - Generalny wykonawca. Kompleksowa realizacja inwestycji budowlanych. Generalne wykonawstwo obiekt\u00f3w przemys\u0142owych, handlowych i salon\u00f3w","publisher":{"@id":"https:\/\/www.kaminski.org.pl\/budownictwo\/#organization"},"potentialAction":[{"@type":"SearchAction","target":{"@type":"EntryPoint","urlTemplate":"https:\/\/www.kaminski.org.pl\/budownictwo\/?s={search_term_string}"},"query-input":"required name=search_term_string"}],"inLanguage":"pl-PL"},{"@type":"Organization","@id":"https:\/\/www.kaminski.org.pl\/budownictwo\/#organization","name":"Budownictwo \u201cKami\u0144ski\u201d Sp\u00f3\u0142ka z ograniczon\u0105 odpowiedzialno\u015bci\u0105 Sp.K.","url":"https:\/\/www.kaminski.org.pl\/budownictwo\/","logo":{"@type":"ImageObject","inLanguage":"pl-PL","@id":"https:\/\/www.kaminski.org.pl\/budownictwo\/#\/schema\/logo\/image\/","url":"https:\/\/www.kaminski.org.pl\/budownictwo\/wp-content\/uploads\/sites\/2\/2020\/02\/Kaminski-budownictwo-logo.png","contentUrl":"https:\/\/www.kaminski.org.pl\/budownictwo\/wp-content\/uploads\/sites\/2\/2020\/02\/Kaminski-budownictwo-logo.png","width":371,"height":88,"caption":"Budownictwo \u201cKami\u0144ski\u201d Sp\u00f3\u0142ka z ograniczon\u0105 odpowiedzialno\u015bci\u0105 Sp.K."},"image":{"@id":"https:\/\/www.kaminski.org.pl\/budownictwo\/#\/schema\/logo\/image\/"},"sameAs":["https:\/\/www.facebook.com\/budownictwokaminski\/","https:\/\/www.youtube.com\/channel\/UCvp34krLOj1JYi0DDO5EfDA\/featured"]}]}},"smush":{"stats":{"percent":22.12404599968849,"bytes":68181,"size_before":308176,"size_after":239995,"time":0.27,"api_version":"1.0","lossy":false,"keep_exif":0},"sizes":{"thumbnail":{"percent":71.59,"bytes":14076,"size_before":19661,"size_after":5585,"time":0.01},"medium":{"percent":49.36,"bytes":14187,"size_before":28740,"size_after":14553,"time":0.02},"medium_large":{"percent":16.89,"bytes":14836,"size_before":87843,"size_after":73007,"time":0.07},"full":{"percent":14.59,"bytes":25082,"size_before":171932,"size_after":146850,"time":0.17}}},"description":{"rendered":"<p class=\"attachment\"><a href='https:\/\/www.kaminski.org.pl\/budownictwo\/wp-content\/uploads\/sites\/2\/2017\/01\/CITROEN_Wroc\u0142aw_01.jpg'><img loading=\"lazy\" decoding=\"async\" width=\"300\" height=\"225\" src=\"https:\/\/www.kaminski.org.pl\/budownictwo\/wp-content\/uploads\/sites\/2\/2017\/01\/CITROEN_Wroc\u0142aw_01-300x225.jpg\" class=\"attachment-medium size-medium\" alt=\"Generalne wykonawstwo - budowa salonu samochodowego Citroen Wroc\u0142aw. Kami\u0144ski Generalny wykonawca obiekt\u00f3w kubaturowych, budowa hali Wroc\u0142aw, Opole, Skarbimierz, Ujazd, Praszka, Kluczbork, Namys\u0142\u00f3w, Jelcz-Laskowice, Brzeg Dolny, \u015awiebodzice, Wa\u0142brzych, \u017bar\u00f3w, \u015awidnica, Dzier\u017coni\u00f3w, Bystrzyca K\u0142odzka, Nysa, Dolny \u015al\u0105sk.\" srcset=\"https:\/\/www.kaminski.org.pl\/budownictwo\/wp-content\/uploads\/sites\/2\/2017\/01\/CITROEN_Wroc\u0142aw_01-300x225.jpg 300w, https:\/\/www.kaminski.org.pl\/budownictwo\/wp-content\/uploads\/sites\/2\/2017\/01\/CITROEN_Wroc\u0142aw_01-768x576.jpg 768w, https:\/\/www.kaminski.org.pl\/budownictwo\/wp-content\/uploads\/sites\/2\/2017\/01\/CITROEN_Wroc\u0142aw_01.jpg 800w\" sizes=\"(max-width: 300px) 100vw, 300px\" \/><\/a><\/p>\n<p>Generalne wykonawstwo &#8211; budowa salonu samochodowego Citroen Wroc\u0142aw. Kami\u0144ski Generalny wykonawca obiekt\u00f3w kubaturowych, budowa hali Wroc\u0142aw, Opole, Skarbimierz, Ujazd, Praszka, Kluczbork, Namys\u0142\u00f3w, Jelcz-Laskowice, Brzeg Dolny, \u015awiebodzice, Wa\u0142brzych, \u017bar\u00f3w, \u015awidnica, Dzier\u017coni\u00f3w, Bystrzyca K\u0142odzka, Nysa, Dolny \u015al\u0105sk.<\/p>\n"},"caption":{"rendered":"<p>Generalne wykonawstwo &#8211; budowa salonu samochodowego Citroen Wroc\u0142aw. Kami\u0144ski Generalny wykonawca obiekt\u00f3w kubaturowych, budowa hali Wroc\u0142aw, Opole, Skarbimierz, Ujazd, Praszka, Kluczbork, Namys\u0142\u00f3w, Jelcz-Laskowice, Brzeg Dolny, \u015awiebodzice, Wa\u0142brzych, \u017bar\u00f3w, \u015awidnica, Dzier\u017coni\u00f3w, Bystrzyca K\u0142odzka, Nysa, Dolny \u015al\u0105sk.<\/p>\n"},"alt_text":"Generalne wykonawstwo - budowa salonu samochodowego Citroen Wroc\u0142aw. Kami\u0144ski Generalny wykonawca obiekt\u00f3w kubaturowych, budowa hali Wroc\u0142aw, Opole, Skarbimierz, Ujazd, Praszka, Kluczbork, Namys\u0142\u00f3w, Jelcz-Laskowice, Brzeg Dolny, \u015awiebodzice, Wa\u0142brzych, \u017bar\u00f3w, \u015awidnica, Dzier\u017coni\u00f3w, Bystrzyca K\u0142odzka, Nysa, Dolny \u015al\u0105sk.","media_type":"image","mime_type":"image\/jpeg","media_details":{"width":800,"height":600,"file":"2017\/01\/CITROEN_Wroc\u0142aw_01.jpg","sizes":{"thumbnail":{"file":"CITROEN_Wroc\u0142aw_01-150x150.jpg","width":150,"height":150,"mime_type":"image\/jpeg","source_url":"https:\/\/www.kaminski.org.pl\/budownictwo\/wp-content\/uploads\/sites\/2\/2017\/01\/CITROEN_Wroc\u0142aw_01-150x150.jpg"},"medium":{"file":"CITROEN_Wroc\u0142aw_01-300x225.jpg","width":300,"height":225,"mime_type":"image\/jpeg","source_url":"https:\/\/www.kaminski.org.pl\/budownictwo\/wp-content\/uploads\/sites\/2\/2017\/01\/CITROEN_Wroc\u0142aw_01-300x225.jpg"},"medium_large":{"file":"CITROEN_Wroc\u0142aw_01-768x576.jpg","width":768,"height":576,"mime_type":"image\/jpeg","source_url":"https:\/\/www.kaminski.org.pl\/budownictwo\/wp-content\/uploads\/sites\/2\/2017\/01\/CITROEN_Wroc\u0142aw_01-768x576.jpg"},"full":{"file":"CITROEN_Wroc\u0142aw_01.jpg","width":800,"height":600,"mime_type":"image\/jpeg","source_url":"https:\/\/www.kaminski.org.pl\/budownictwo\/wp-content\/uploads\/sites\/2\/2017\/01\/CITROEN_Wroc\u0142aw_01.jpg"}},"image_meta":{"aperture":"4","credit":"","camera":"Canon PowerShot G7","caption":"","created_timestamp":"1297852853","copyright":"","focal_length":"7.4","iso":"0","shutter_speed":"0.005","title":"","orientation":"1","keywords":[]}},"post":633,"source_url":"https:\/\/www.kaminski.org.pl\/budownictwo\/wp-content\/uploads\/sites\/2\/2017\/01\/CITROEN_Wroc\u0142aw_01.jpg","_links":{"self":[{"href":"https:\/\/www.kaminski.org.pl\/budownictwo\/wp-json\/wp\/v2\/media\/697"}],"collection":[{"href":"https:\/\/www.kaminski.org.pl\/budownictwo\/wp-json\/wp\/v2\/media"}],"about":[{"href":"https:\/\/www.kaminski.org.pl\/budownictwo\/wp-json\/wp\/v2\/types\/attachment"}],"author":[{"embeddable":true,"href":"https:\/\/www.kaminski.org.pl\/budownictwo\/wp-json\/wp\/v2\/users\/1"}],"replies":[{"embeddable":true,"href":"https:\/\/www.kaminski.org.pl\/budownictwo\/wp-json\/wp\/v2\/comments?post=697"}]}}