{"id":160,"date":"2017-11-06T11:31:57","date_gmt":"2017-11-06T10:31:57","guid":{"rendered":"http:\/\/www.kaminski.org.pl\/kaminski2017\/budownictwo\/wp-content\/uploads\/sites\/2\/2017\/11\/volvo-opole-5.jpg"},"modified":"2018-03-27T12:04:47","modified_gmt":"2018-03-27T10:04:47","slug":"volvo-opole-5","status":"inherit","type":"attachment","link":"https:\/\/www.kaminski.org.pl\/budownictwo\/przebudowa-pomieszczen-na-potrzeby-salonu-samochodowego-volvo\/volvo-opole-5\/","title":{"rendered":"volvo-opole-5"},"author":1,"featured_media":0,"comment_status":"open","ping_status":"closed","template":"","meta":[],"yoast_head":"<!-- This site is optimized with the Yoast SEO plugin v22.7 - https:\/\/yoast.com\/wordpress\/plugins\/seo\/ -->\n<title>volvo-opole-5 - Budownictwo Kami\u0144ski - Generalny wykonawca<\/title>\n<meta name=\"robots\" content=\"index, follow, max-snippet:-1, max-image-preview:large, max-video-preview:-1\" \/>\n<link rel=\"canonical\" href=\"https:\/\/www.kaminski.org.pl\/budownictwo\/wp-content\/uploads\/sites\/2\/2017\/11\/volvo-opole-5.jpg\" \/>\n<meta property=\"og:locale\" content=\"pl_PL\" \/>\n<meta property=\"og:type\" content=\"article\" \/>\n<meta property=\"og:title\" content=\"volvo-opole-5 - Budownictwo Kami\u0144ski - Generalny wykonawca\" \/>\n<meta property=\"og:url\" content=\"https:\/\/www.kaminski.org.pl\/budownictwo\/wp-content\/uploads\/sites\/2\/2017\/11\/volvo-opole-5.jpg\" \/>\n<meta property=\"og:site_name\" content=\"Budownictwo Kami\u0144ski - Generalny wykonawca\" \/>\n<meta property=\"article:publisher\" content=\"https:\/\/www.facebook.com\/budownictwokaminski\/\" \/>\n<meta property=\"article:modified_time\" content=\"2018-03-27T10:04:47+00:00\" \/>\n<meta property=\"og:image\" content=\"https:\/\/www.kaminski.org.pl\/budownictwo\/wp-content\/uploads\/sites\/2\/2017\/11\/volvo-opole-5.jpg\" \/>\n\t<meta property=\"og:image:width\" content=\"1200\" \/>\n\t<meta property=\"og:image:height\" content=\"900\" \/>\n\t<meta property=\"og:image:type\" content=\"image\/jpeg\" \/>\n<meta name=\"twitter:card\" content=\"summary_large_image\" \/>\n<script type=\"application\/ld+json\" class=\"yoast-schema-graph\">{\"@context\":\"https:\/\/schema.org\",\"@graph\":[{\"@type\":\"WebPage\",\"@id\":\"https:\/\/www.kaminski.org.pl\/budownictwo\/wp-content\/uploads\/sites\/2\/2017\/11\/volvo-opole-5.jpg\",\"url\":\"https:\/\/www.kaminski.org.pl\/budownictwo\/wp-content\/uploads\/sites\/2\/2017\/11\/volvo-opole-5.jpg\",\"name\":\"volvo-opole-5 - Budownictwo Kami\u0144ski - Generalny wykonawca\",\"isPartOf\":{\"@id\":\"https:\/\/www.kaminski.org.pl\/budownictwo\/#website\"},\"datePublished\":\"2017-11-06T10:31:57+00:00\",\"dateModified\":\"2018-03-27T10:04:47+00:00\",\"breadcrumb\":{\"@id\":\"https:\/\/www.kaminski.org.pl\/budownictwo\/wp-content\/uploads\/sites\/2\/2017\/11\/volvo-opole-5.jpg#breadcrumb\"},\"inLanguage\":\"pl-PL\",\"potentialAction\":[{\"@type\":\"ReadAction\",\"target\":[\"https:\/\/www.kaminski.org.pl\/budownictwo\/wp-content\/uploads\/sites\/2\/2017\/11\/volvo-opole-5.jpg\"]}]},{\"@type\":\"BreadcrumbList\",\"@id\":\"https:\/\/www.kaminski.org.pl\/budownictwo\/wp-content\/uploads\/sites\/2\/2017\/11\/volvo-opole-5.jpg#breadcrumb\",\"itemListElement\":[{\"@type\":\"ListItem\",\"position\":1,\"name\":\"Strona g\u0142\u00f3wna\",\"item\":\"https:\/\/www.kaminski.org.pl\/budownictwo\/\"},{\"@type\":\"ListItem\",\"position\":2,\"name\":\"Salon samochodowy w CH Solaris dla dealera Volvo\",\"item\":\"https:\/\/www.kaminski.org.pl\/budownictwo\/przebudowa-pomieszczen-na-potrzeby-salonu-samochodowego-volvo\/\"},{\"@type\":\"ListItem\",\"position\":3,\"name\":\"volvo-opole-5\"}]},{\"@type\":\"WebSite\",\"@id\":\"https:\/\/www.kaminski.org.pl\/budownictwo\/#website\",\"url\":\"https:\/\/www.kaminski.org.pl\/budownictwo\/\",\"name\":\"Budownictwo Kami\u0144ski - Generalny wykonawca\",\"description\":\"Budownictwo Kami\u0144ski - Generalny wykonawca. Kompleksowa realizacja inwestycji budowlanych. Generalne wykonawstwo obiekt\u00f3w przemys\u0142owych, handlowych i salon\u00f3w\",\"publisher\":{\"@id\":\"https:\/\/www.kaminski.org.pl\/budownictwo\/#organization\"},\"potentialAction\":[{\"@type\":\"SearchAction\",\"target\":{\"@type\":\"EntryPoint\",\"urlTemplate\":\"https:\/\/www.kaminski.org.pl\/budownictwo\/?s={search_term_string}\"},\"query-input\":\"required name=search_term_string\"}],\"inLanguage\":\"pl-PL\"},{\"@type\":\"Organization\",\"@id\":\"https:\/\/www.kaminski.org.pl\/budownictwo\/#organization\",\"name\":\"Budownictwo \u201cKami\u0144ski\u201d Sp\u00f3\u0142ka z ograniczon\u0105 odpowiedzialno\u015bci\u0105 Sp.K.\",\"url\":\"https:\/\/www.kaminski.org.pl\/budownictwo\/\",\"logo\":{\"@type\":\"ImageObject\",\"inLanguage\":\"pl-PL\",\"@id\":\"https:\/\/www.kaminski.org.pl\/budownictwo\/#\/schema\/logo\/image\/\",\"url\":\"https:\/\/www.kaminski.org.pl\/budownictwo\/wp-content\/uploads\/sites\/2\/2020\/02\/Kaminski-budownictwo-logo.png\",\"contentUrl\":\"https:\/\/www.kaminski.org.pl\/budownictwo\/wp-content\/uploads\/sites\/2\/2020\/02\/Kaminski-budownictwo-logo.png\",\"width\":371,\"height\":88,\"caption\":\"Budownictwo \u201cKami\u0144ski\u201d Sp\u00f3\u0142ka z ograniczon\u0105 odpowiedzialno\u015bci\u0105 Sp.K.\"},\"image\":{\"@id\":\"https:\/\/www.kaminski.org.pl\/budownictwo\/#\/schema\/logo\/image\/\"},\"sameAs\":[\"https:\/\/www.facebook.com\/budownictwokaminski\/\",\"https:\/\/www.youtube.com\/channel\/UCvp34krLOj1JYi0DDO5EfDA\/featured\"]}]}<\/script>\n<!-- \/ Yoast SEO plugin. -->","yoast_head_json":{"title":"volvo-opole-5 - Budownictwo Kami\u0144ski - Generalny wykonawca","robots":{"index":"index","follow":"follow","max-snippet":"max-snippet:-1","max-image-preview":"max-image-preview:large","max-video-preview":"max-video-preview:-1"},"canonical":"https:\/\/www.kaminski.org.pl\/budownictwo\/wp-content\/uploads\/sites\/2\/2017\/11\/volvo-opole-5.jpg","og_locale":"pl_PL","og_type":"article","og_title":"volvo-opole-5 - Budownictwo Kami\u0144ski - Generalny wykonawca","og_url":"https:\/\/www.kaminski.org.pl\/budownictwo\/wp-content\/uploads\/sites\/2\/2017\/11\/volvo-opole-5.jpg","og_site_name":"Budownictwo Kami\u0144ski - Generalny wykonawca","article_publisher":"https:\/\/www.facebook.com\/budownictwokaminski\/","article_modified_time":"2018-03-27T10:04:47+00:00","og_image":[{"width":1200,"height":900,"url":"https:\/\/www.kaminski.org.pl\/budownictwo\/wp-content\/uploads\/sites\/2\/2017\/11\/volvo-opole-5.jpg","type":"image\/jpeg"}],"twitter_card":"summary_large_image","schema":{"@context":"https:\/\/schema.org","@graph":[{"@type":"WebPage","@id":"https:\/\/www.kaminski.org.pl\/budownictwo\/wp-content\/uploads\/sites\/2\/2017\/11\/volvo-opole-5.jpg","url":"https:\/\/www.kaminski.org.pl\/budownictwo\/wp-content\/uploads\/sites\/2\/2017\/11\/volvo-opole-5.jpg","name":"volvo-opole-5 - Budownictwo Kami\u0144ski - Generalny wykonawca","isPartOf":{"@id":"https:\/\/www.kaminski.org.pl\/budownictwo\/#website"},"datePublished":"2017-11-06T10:31:57+00:00","dateModified":"2018-03-27T10:04:47+00:00","breadcrumb":{"@id":"https:\/\/www.kaminski.org.pl\/budownictwo\/wp-content\/uploads\/sites\/2\/2017\/11\/volvo-opole-5.jpg#breadcrumb"},"inLanguage":"pl-PL","potentialAction":[{"@type":"ReadAction","target":["https:\/\/www.kaminski.org.pl\/budownictwo\/wp-content\/uploads\/sites\/2\/2017\/11\/volvo-opole-5.jpg"]}]},{"@type":"BreadcrumbList","@id":"https:\/\/www.kaminski.org.pl\/budownictwo\/wp-content\/uploads\/sites\/2\/2017\/11\/volvo-opole-5.jpg#breadcrumb","itemListElement":[{"@type":"ListItem","position":1,"name":"Strona g\u0142\u00f3wna","item":"https:\/\/www.kaminski.org.pl\/budownictwo\/"},{"@type":"ListItem","position":2,"name":"Salon samochodowy w CH Solaris dla dealera Volvo","item":"https:\/\/www.kaminski.org.pl\/budownictwo\/przebudowa-pomieszczen-na-potrzeby-salonu-samochodowego-volvo\/"},{"@type":"ListItem","position":3,"name":"volvo-opole-5"}]},{"@type":"WebSite","@id":"https:\/\/www.kaminski.org.pl\/budownictwo\/#website","url":"https:\/\/www.kaminski.org.pl\/budownictwo\/","name":"Budownictwo Kami\u0144ski - Generalny wykonawca","description":"Budownictwo Kami\u0144ski - Generalny wykonawca. Kompleksowa realizacja inwestycji budowlanych. Generalne wykonawstwo obiekt\u00f3w przemys\u0142owych, handlowych i salon\u00f3w","publisher":{"@id":"https:\/\/www.kaminski.org.pl\/budownictwo\/#organization"},"potentialAction":[{"@type":"SearchAction","target":{"@type":"EntryPoint","urlTemplate":"https:\/\/www.kaminski.org.pl\/budownictwo\/?s={search_term_string}"},"query-input":"required name=search_term_string"}],"inLanguage":"pl-PL"},{"@type":"Organization","@id":"https:\/\/www.kaminski.org.pl\/budownictwo\/#organization","name":"Budownictwo \u201cKami\u0144ski\u201d Sp\u00f3\u0142ka z ograniczon\u0105 odpowiedzialno\u015bci\u0105 Sp.K.","url":"https:\/\/www.kaminski.org.pl\/budownictwo\/","logo":{"@type":"ImageObject","inLanguage":"pl-PL","@id":"https:\/\/www.kaminski.org.pl\/budownictwo\/#\/schema\/logo\/image\/","url":"https:\/\/www.kaminski.org.pl\/budownictwo\/wp-content\/uploads\/sites\/2\/2020\/02\/Kaminski-budownictwo-logo.png","contentUrl":"https:\/\/www.kaminski.org.pl\/budownictwo\/wp-content\/uploads\/sites\/2\/2020\/02\/Kaminski-budownictwo-logo.png","width":371,"height":88,"caption":"Budownictwo \u201cKami\u0144ski\u201d Sp\u00f3\u0142ka z ograniczon\u0105 odpowiedzialno\u015bci\u0105 Sp.K."},"image":{"@id":"https:\/\/www.kaminski.org.pl\/budownictwo\/#\/schema\/logo\/image\/"},"sameAs":["https:\/\/www.facebook.com\/budownictwokaminski\/","https:\/\/www.youtube.com\/channel\/UCvp34krLOj1JYi0DDO5EfDA\/featured"]}]}},"smush":{"stats":{"percent":9.999286614510261,"bytes":12615,"size_before":126159,"size_after":113544,"time":0.14,"api_version":"1.0","lossy":false,"keep_exif":0},"sizes":{"thumbnail":{"percent":46.55,"bytes":3398,"size_before":7299,"size_after":3901,"time":0.01},"medium":{"percent":26.29,"bytes":3361,"size_before":12783,"size_after":9422,"time":0.01},"medium_large":{"percent":7.27,"bytes":3031,"size_before":41668,"size_after":38637,"time":0.05},"large":{"percent":4.39,"bytes":2825,"size_before":64409,"size_after":61584,"time":0.07}}},"description":{"rendered":"<p class=\"attachment\"><a href='https:\/\/www.kaminski.org.pl\/budownictwo\/wp-content\/uploads\/sites\/2\/2017\/11\/volvo-opole-5.jpg'><img loading=\"lazy\" decoding=\"async\" width=\"300\" height=\"225\" src=\"https:\/\/www.kaminski.org.pl\/budownictwo\/wp-content\/uploads\/sites\/2\/2017\/11\/volvo-opole-5-300x225.jpg\" class=\"attachment-medium size-medium\" alt=\"Volvo Salon samochodowy Inter Car. Kami\u0144ski generalny wykonawca obiekt\u00f3w kubaturowych, budowa hali, wykonawca hali Opole. Generalne wykonawstwo Opole, Skarbimierz, Ujazd, Praszka, Kluczbork, Namys\u0142\u00f3w, Jelcz-Laskowice, Wroc\u0142aw, Wo\u0142\u00f3w, Brzeg Dolny, Syc\u00f3w, Kobierzyce, Mi\u0119kinia, Strzegom, Dolny \u015al\u0105sk.\" srcset=\"https:\/\/www.kaminski.org.pl\/budownictwo\/wp-content\/uploads\/sites\/2\/2017\/11\/volvo-opole-5-300x225.jpg 300w, https:\/\/www.kaminski.org.pl\/budownictwo\/wp-content\/uploads\/sites\/2\/2017\/11\/volvo-opole-5-768x576.jpg 768w, https:\/\/www.kaminski.org.pl\/budownictwo\/wp-content\/uploads\/sites\/2\/2017\/11\/volvo-opole-5-1024x768.jpg 1024w, https:\/\/www.kaminski.org.pl\/budownictwo\/wp-content\/uploads\/sites\/2\/2017\/11\/volvo-opole-5.jpg 1200w\" sizes=\"(max-width: 300px) 100vw, 300px\" \/><\/a><\/p>\n"},"caption":{"rendered":""},"alt_text":"Volvo Salon samochodowy Inter Car. Kami\u0144ski generalny wykonawca obiekt\u00f3w kubaturowych, budowa hali, wykonawca hali Opole. Generalne wykonawstwo Opole, Skarbimierz, Ujazd, Praszka, Kluczbork, Namys\u0142\u00f3w, Jelcz-Laskowice, Wroc\u0142aw, Wo\u0142\u00f3w, Brzeg Dolny, Syc\u00f3w, Kobierzyce, Mi\u0119kinia, Strzegom, Dolny \u015al\u0105sk.","media_type":"image","mime_type":"image\/jpeg","media_details":{"width":1200,"height":900,"file":"2017\/11\/volvo-opole-5.jpg","sizes":{"thumbnail":{"file":"volvo-opole-5-150x150.jpg","width":150,"height":150,"mime_type":"image\/jpeg","source_url":"https:\/\/www.kaminski.org.pl\/budownictwo\/wp-content\/uploads\/sites\/2\/2017\/11\/volvo-opole-5-150x150.jpg"},"medium":{"file":"volvo-opole-5-300x225.jpg","width":300,"height":225,"mime_type":"image\/jpeg","source_url":"https:\/\/www.kaminski.org.pl\/budownictwo\/wp-content\/uploads\/sites\/2\/2017\/11\/volvo-opole-5-300x225.jpg"},"medium_large":{"file":"volvo-opole-5-768x576.jpg","width":768,"height":576,"mime_type":"image\/jpeg","source_url":"https:\/\/www.kaminski.org.pl\/budownictwo\/wp-content\/uploads\/sites\/2\/2017\/11\/volvo-opole-5-768x576.jpg"},"large":{"file":"volvo-opole-5-1024x768.jpg","width":1024,"height":768,"mime_type":"image\/jpeg","source_url":"https:\/\/www.kaminski.org.pl\/budownictwo\/wp-content\/uploads\/sites\/2\/2017\/11\/volvo-opole-5-1024x768.jpg"},"full":{"file":"volvo-opole-5.jpg","width":1200,"height":900,"mime_type":"image\/jpeg","source_url":"https:\/\/www.kaminski.org.pl\/budownictwo\/wp-content\/uploads\/sites\/2\/2017\/11\/volvo-opole-5.jpg"}},"image_meta":{"aperture":"3.2","credit":"","camera":"WB150 \/ WB150F \/ WB152 \/ WB152F \/ WB151 \/ WB151F \/ WB140","caption":"","created_timestamp":"1429610502","copyright":"COPYRIGHT, 2010","focal_length":"4","iso":"160","shutter_speed":"0.033333333333333","title":"","orientation":"1","keywords":[]}},"post":155,"source_url":"https:\/\/www.kaminski.org.pl\/budownictwo\/wp-content\/uploads\/sites\/2\/2017\/11\/volvo-opole-5.jpg","_links":{"self":[{"href":"https:\/\/www.kaminski.org.pl\/budownictwo\/wp-json\/wp\/v2\/media\/160"}],"collection":[{"href":"https:\/\/www.kaminski.org.pl\/budownictwo\/wp-json\/wp\/v2\/media"}],"about":[{"href":"https:\/\/www.kaminski.org.pl\/budownictwo\/wp-json\/wp\/v2\/types\/attachment"}],"author":[{"embeddable":true,"href":"https:\/\/www.kaminski.org.pl\/budownictwo\/wp-json\/wp\/v2\/users\/1"}],"replies":[{"embeddable":true,"href":"https:\/\/www.kaminski.org.pl\/budownictwo\/wp-json\/wp\/v2\/comments?post=160"}]}}